{"id":230,"date":"2019-04-21T18:00:29","date_gmt":"2019-04-21T17:00:29","guid":{"rendered":"http:\/\/blayeavant.fr\/wp\/?page_id=230"},"modified":"2019-04-21T18:21:19","modified_gmt":"2019-04-21T17:21:19","slug":"le-grenier","status":"publish","type":"page","link":"http:\/\/blayeavant.fr\/wp\/?page_id=230","title":{"rendered":"LE GRENIER"},"content":{"rendered":"\n<figure class=\"wp-block-image\"><img decoding=\"async\" loading=\"lazy\" width=\"1024\" height=\"685\" src=\"http:\/\/blayeavant.fr\/wp\/wp-content\/uploads\/2019\/04\/Carton-1024x685.jpg\" alt=\"\" class=\"wp-image-232\" srcset=\"http:\/\/blayeavant.fr\/wp\/wp-content\/uploads\/2019\/04\/Carton-1024x685.jpg 1024w, http:\/\/blayeavant.fr\/wp\/wp-content\/uploads\/2019\/04\/Carton-300x201.jpg 300w, http:\/\/blayeavant.fr\/wp\/wp-content\/uploads\/2019\/04\/Carton-768x514.jpg 768w\" sizes=\"(max-width: 1024px) 100vw, 1024px\" \/><\/figure>\n\n\n\n<p>Dans le grenier du photographe&#8230; des photos de Blaye et des environs&#8230;<br><\/p>\n\n\n\n<p>N&rsquo;h\u00e9sitez pas \u00e0 commenter si vous reconnaissez quelqu&rsquo;un, si cela vous \u00e9voque quelque-chose, etc&#8230;<\/p>\n\n\n\n<ul><li><a href=\"http:\/\/blayeavant.fr\/wp\/?p=262\">06\/1954 &#8211; Ecole maternelle<\/a><\/li><li><a href=\"http:\/\/blayeavant.fr\/wp\/?p=235\">1954 &#8211; 1\u00e8re communion &#8211; Eglise Saint-Romain<\/a><\/li><\/ul>\n","protected":false},"excerpt":{"rendered":"<p>Dans le grenier du photographe&#8230; des photos de Blaye et des environs&#8230; N&rsquo;h\u00e9sitez pas \u00e0 commenter si vous reconnaissez quelqu&rsquo;un, si cela vous \u00e9voque quelque-chose, etc&#8230; 06\/1954 &#8211; Ecole maternelle 1954 &#8211; 1\u00e8re communion &#8211; Eglise Saint-Romain<\/p>\n","protected":false},"author":1,"featured_media":0,"parent":0,"menu_order":0,"comment_status":"closed","ping_status":"closed","template":"","meta":[],"_links":{"self":[{"href":"http:\/\/blayeavant.fr\/wp\/index.php?rest_route=\/wp\/v2\/pages\/230"}],"collection":[{"href":"http:\/\/blayeavant.fr\/wp\/index.php?rest_route=\/wp\/v2\/pages"}],"about":[{"href":"http:\/\/blayeavant.fr\/wp\/index.php?rest_route=\/wp\/v2\/types\/page"}],"author":[{"embeddable":true,"href":"http:\/\/blayeavant.fr\/wp\/index.php?rest_route=\/wp\/v2\/users\/1"}],"replies":[{"embeddable":true,"href":"http:\/\/blayeavant.fr\/wp\/index.php?rest_route=%2Fwp%2Fv2%2Fcomments&post=230"}],"version-history":[{"count":3,"href":"http:\/\/blayeavant.fr\/wp\/index.php?rest_route=\/wp\/v2\/pages\/230\/revisions"}],"predecessor-version":[{"id":265,"href":"http:\/\/blayeavant.fr\/wp\/index.php?rest_route=\/wp\/v2\/pages\/230\/revisions\/265"}],"wp:attachment":[{"href":"http:\/\/blayeavant.fr\/wp\/index.php?rest_route=%2Fwp%2Fv2%2Fmedia&parent=230"}],"curies":[{"name":"wp","href":"https:\/\/api.w.org\/{rel}","templated":true}]}}